

{"id":62,"date":"2014-03-18T18:52:22","date_gmt":"2014-03-18T17:52:22","guid":{"rendered":"http:\/\/lamilagrosapolanco.com\/?page_id=62"},"modified":"2022-04-06T18:34:18","modified_gmt":"2022-04-06T16:34:18","slug":"caracter-propio","status":"publish","type":"page","link":"https:\/\/lamilagrosapolanco.com\/?page_id=62","title":{"rendered":"Car\u00e1cter propio"},"content":{"rendered":"<p>[et_pb_section fb_built=\u00bb1&#8243; admin_label=\u00bbPage Title Section\u00bb _builder_version=\u00bb4.0.7&#8243; use_background_color_gradient=\u00bbon\u00bb background_color_gradient_start=\u00bb#f4f4f4&#8243; background_color_gradient_end=\u00bbrgba(244,244,244,0)\u00bb background_color_gradient_direction=\u00bb90deg\u00bb background_color_gradient_start_position=\u00bb50%\u00bb background_color_gradient_end_position=\u00bb80%\u00bb background_color_gradient_overlays_image=\u00bbon\u00bb background_image=\u00bbhttps:\/\/lamilagrosapolanco.com\/wp-content\/uploads\/2021\/01\/WhatsApp-Image-2021-01-19-at-15.43.11.jpeg\u00bb custom_padding=\u00bb150px||150px|\u00bb global_colors_info=\u00bb{}\u00bb][et_pb_row _builder_version=\u00bb4.14.8&#8243; background_enable_color=\u00bboff\u00bb use_background_color_gradient=\u00bbon\u00bb background_color_gradient_start=\u00bbrgba(255,255,255,0)\u00bb background_color_gradient_end=\u00bbrgba(255,255,255,0)\u00bb background_size=\u00bbinitial\u00bb background_position=\u00bbtop_left\u00bb background_repeat=\u00bbrepeat\u00bb max_width=\u00bb960px\u00bb custom_margin=\u00bb||40px|0px\u00bb custom_padding=\u00bb27px|40px||10%\u00bb animation_style=\u00bbslide\u00bb animation_direction=\u00bbleft\u00bb animation_intensity_slide=\u00bb2%\u00bb border_radii=\u00bb||6px|6px|\u00bb border_color_all=\u00bb#ffffff\u00bb border_color_right=\u00bb#bdada0&#8243; use_custom_width=\u00bbon\u00bb custom_width_px=\u00bb960px\u00bb global_colors_info=\u00bb{}\u00bb][et_pb_column type=\u00bb4_4&#8243; _builder_version=\u00bb3.25&#8243; custom_padding=\u00bb|||\u00bb custom_padding_tablet=\u00bb|||10%\u00bb custom_padding_last_edited=\u00bboff|desktop\u00bb global_colors_info=\u00bb{}\u00bb custom_padding__hover=\u00bb|||\u00bb][et_pb_text admin_label=\u00bbTitle\u00bb _builder_version=\u00bb4.14.8&#8243; header_font=\u00bbAbhaya Libre|700|||||||\u00bb header_text_color=\u00bb#ffffff\u00bb header_font_size=\u00bb70px\u00bb header_line_height=\u00bb1.2em\u00bb background_size=\u00bbinitial\u00bb background_position=\u00bbtop_left\u00bb background_repeat=\u00bbrepeat\u00bb background_layout=\u00bbdark\u00bb custom_margin=\u00bb|||\u00bb custom_padding=\u00bb|||\u00bb animation_style=\u00bbfold\u00bb hover_enabled=\u00bb0&#8243; header_font_size_tablet=\u00bb40px\u00bb header_font_size_phone=\u00bb\u00bb header_font_size_last_edited=\u00bbon|tablet\u00bb global_colors_info=\u00bb{}\u00bb sticky_enabled=\u00bb0&#8243;]<\/p>\n<p>\u00a0<img loading=\"lazy\" decoding=\"async\" class=\"wp-image-5685  aligncenter\" src=\"https:\/\/lamilagrosapolanco.com\/wp-content\/uploads\/2022\/04\/Caracter_propio__1_-removebg-preview-300x161.png\" alt=\"\" width=\"373\" height=\"200\" \/><\/p>\n<p>[\/et_pb_text][\/et_pb_column][\/et_pb_row][et_pb_row column_structure=\u00bb1_2,1_2&#8243; _builder_version=\u00bb3.25&#8243; custom_padding=\u00bb0px||70px|||\u00bb global_colors_info=\u00bb{}\u00bb][et_pb_column type=\u00bb1_2&#8243; _builder_version=\u00bb3.25&#8243; background_color=\u00bb#f4f4f4&#8243; custom_padding=\u00bb|||\u00bb custom_padding_tablet=\u00bb40px|40px|40px|40px\u00bb custom_padding_phone=\u00bb\u00bb custom_padding_last_edited=\u00bbon|tablet\u00bb global_colors_info=\u00bb{}\u00bb custom_padding__hover=\u00bb|||\u00bb][et_pb_text _builder_version=\u00bb3.27.4&#8243; text_font=\u00bbNunito||||||||\u00bb text_font_size=\u00bb18px\u00bb text_line_height=\u00bb1.8em\u00bb max_width=\u00bb600px\u00bb custom_margin=\u00bb|||\u00bb custom_padding=\u00bb0px||10px|||\u00bb animation_style=\u00bbslide\u00bb animation_direction=\u00bbright\u00bb animation_intensity_slide=\u00bb5%\u00bb animation_starting_opacity=\u00bb100%\u00bb locked=\u00bboff\u00bb global_colors_info=\u00bb{}\u00bb]En el marco de la <strong>ESCUELA CAT\u00d3LICA<\/strong> y con esp\u00edritu de colaboraci\u00f3n y servicio a una sociedad plural y a la Iglesia, la entidad titular de los\u00a0<strong>Centros Educativos Vicencianos\u00a0<\/strong>ofrece el\u00a0<strong>Car\u00e1cter Propio<\/strong>:<\/p>\n<p>&nbsp;<\/p>\n<ul>\n<li>Como signo de la presencia del <strong>Reino de Dios<\/strong> en el mundo de la educaci\u00f3n y gesto de <strong>FE<\/strong> y<strong> ESPERANZA<\/strong> en la posibilidad de un Hombre Nuevo.<\/li>\n<li>Como respuesta a las familias que deciden dar a sus hijos una educaci\u00f3n cristiana.<\/li>\n<\/ul>\n<p>[\/et_pb_text][et_pb_text admin_label=\u00bbTitle\u00bb _builder_version=\u00bb3.27.4&#8243; text_font=\u00bbNunito|600|||||||\u00bb header_font_size=\u00bb80px\u00bb header_2_font=\u00bbAbhaya Libre|700|||||||\u00bb header_2_font_size=\u00bb64px\u00bb header_2_line_height=\u00bb1.2em\u00bb header_4_font=\u00bbNunito|700||on|||||\u00bb header_4_text_color=\u00bb#bda392&#8243; header_4_letter_spacing=\u00bb2px\u00bb header_4_line_height=\u00bb1.8em\u00bb header_6_font=\u00bbNunito|600|||||||\u00bb header_6_text_color=\u00bb#666666&#8243; header_6_font_size=\u00bb18px\u00bb header_6_line_height=\u00bb1.4em\u00bb max_width=\u00bb600px\u00bb custom_margin=\u00bb||40px|\u00bb animation_style=\u00bbslide\u00bb animation_direction=\u00bbright\u00bb animation_intensity_slide=\u00bb5%\u00bb animation_starting_opacity=\u00bb100%\u00bb header_font_size_tablet=\u00bb40px\u00bb header_font_size_phone=\u00bb\u00bb header_font_size_last_edited=\u00bbon|tablet\u00bb header_2_font_size_tablet=\u00bb40px\u00bb header_2_font_size_phone=\u00bb\u00bb header_2_font_size_last_edited=\u00bbon|tablet\u00bb locked=\u00bboff\u00bb global_colors_info=\u00bb{}\u00bb]<strong>1.- ESCUELA VICENCIANA<\/strong><br \/>\n[\/et_pb_text][et_pb_text _builder_version=\u00bb3.27.4&#8243; text_font=\u00bbNunito||||||||\u00bb text_font_size=\u00bb18px\u00bb text_line_height=\u00bb1.8em\u00bb max_width=\u00bb600px\u00bb custom_margin=\u00bb|||\u00bb custom_padding=\u00bb||10px|\u00bb animation_style=\u00bbslide\u00bb animation_direction=\u00bbright\u00bb animation_intensity_slide=\u00bb5%\u00bb animation_starting_opacity=\u00bb100%\u00bb global_colors_info=\u00bb{}\u00bb]Los<strong> Centros Vicencianos<\/strong> definen su misi\u00f3n educativa, orientada al desarrollo integral de la persona, seg\u00fan el Evangelio y con un estilo propio.<\/p>\n<p>Como escuela cristiana, nuestros centros se proponen presentar el mensaje de Jesucristo y la Religi\u00f3n Cat\u00f3lica en la realidad socio-cultural de cada lugar, como expresi\u00f3n de su identidad y de su vocaci\u00f3n evangelizadora.<br \/>\nComo escuela vicenciana, inspirada en nuestros fundadores, Vicente de Pa\u00fal y Luisa de Marillac, basan sus esfuerzos en la integraci\u00f3n social de los alumnos, la sensibilizaci\u00f3n por los necesitados y la valoraci\u00f3n del saber como medio para servir mejor a los dem\u00e1s.<\/p>\n<p>&nbsp;<\/p>\n<p><strong>Principios inspiradores del estilo educativo de la Escuela Vicenciana:<\/strong><\/p>\n<p>&nbsp;<\/p>\n<ul>\n<li>Formaci\u00f3n integral de los alumnos de acuerdo con una concepci\u00f3n cristiana de la persona, de la vida y del mundo.<\/li>\n<li>Opci\u00f3n por los m\u00e1s d\u00e9biles en su nivel econ\u00f3mico, capacidad intelectual u otro tipo de limitaci\u00f3n.<\/li>\n<li>Vivencia de los valores evang\u00e9licos, a trav\u00e9s de los cuales revelamos que Dios nos ama.<\/li>\n<li>Compromiso por la justicia y la solidaridad universal, con una participaci\u00f3n activa en la transformaci\u00f3n y mejora de la sociedad<\/li>\n<li>Relaciones y clima educativo basados en la sencillez.<\/li>\n<li>Respeto a la vida y a la naturaleza, fomentando la responsabilidad ante el progreso de la ciencia y la tecnolog\u00eda.<\/li>\n<\/ul>\n<p>[\/et_pb_text][et_pb_text admin_label=\u00bbTitle\u00bb _builder_version=\u00bb3.27.4&#8243; text_font=\u00bbNunito|600|||||||\u00bb header_font_size=\u00bb80px\u00bb header_2_font=\u00bbAbhaya Libre|700|||||||\u00bb header_2_font_size=\u00bb64px\u00bb header_2_line_height=\u00bb1.2em\u00bb header_4_font=\u00bbNunito|700||on|||||\u00bb header_4_text_color=\u00bb#bda392&#8243; header_4_letter_spacing=\u00bb2px\u00bb header_4_line_height=\u00bb1.8em\u00bb header_6_font=\u00bbNunito|600|||||||\u00bb header_6_text_color=\u00bb#666666&#8243; header_6_font_size=\u00bb18px\u00bb header_6_line_height=\u00bb1.4em\u00bb max_width=\u00bb600px\u00bb custom_margin=\u00bb||40px|\u00bb animation_style=\u00bbslide\u00bb animation_direction=\u00bbright\u00bb animation_intensity_slide=\u00bb5%\u00bb animation_starting_opacity=\u00bb100%\u00bb header_font_size_tablet=\u00bb40px\u00bb header_font_size_phone=\u00bb\u00bb header_font_size_last_edited=\u00bbon|tablet\u00bb header_2_font_size_tablet=\u00bb40px\u00bb header_2_font_size_phone=\u00bb\u00bb header_2_font_size_last_edited=\u00bbon|tablet\u00bb global_colors_info=\u00bb{}\u00bb]<\/p>\n<h4><\/h4>\n<p><strong>2.- ASPECTOS DE NUESTRA ACCI\u00d3N EDUCATIVA<\/strong><br \/>\n[\/et_pb_text][et_pb_text _builder_version=\u00bb3.27.4&#8243; global_colors_info=\u00bb{}\u00bb]Estos <strong>PRINCIPIOS INSPIRADORES<\/strong> animan la acci\u00f3n educativa basada en una<strong> PEDAGOG\u00cdA ABIERTA<\/strong>,<strong> FLEXIBLE Y CONSTRUCTIVA<\/strong>, que se adapta a las necesidades de los alumnos y que incorpora las innovaciones did\u00e1cticas que la calidad educativa exigen.<\/p>\n<p>&nbsp;<\/p>\n<p><strong>Apostamos por estilos de aprendizaje basados en las siguientes propuestas:<\/strong><\/p>\n<p>&nbsp;<\/p>\n<ul>\n<li>Desarrollo arm\u00f3nico de todas las dimensiones del alumno\/a, para que llegue al m\u00e1ximo de sus posibilidades.<\/li>\n<li>Educaci\u00f3n personalizada que da especial importancia a la acci\u00f3n tutorial, servicio de orientaci\u00f3n, etc.<\/li>\n<li>Apertura y formaci\u00f3n en el respeto a la pluralidad \u00e9tnica, cultural y religiosa para promover la integraci\u00f3n social.<\/li>\n<li>Conocimiento de los valores y contravalores de esta sociedad plural.<\/li>\n<li>An\u00e1lisis de la realidad con sentido cr\u00edtico.<\/li>\n<li>Compromiso por la justicia y promoci\u00f3n de los m\u00e1s necesitados, a trav\u00e9s de acciones concretas.<\/li>\n<li>Ambiente educativo fraterno que supone sencillez, acogida, confianza y alegr\u00eda.<\/li>\n<li>Aprendizaje cooperativo que potencia la convivencia, la participaci\u00f3n, el respeto, la capacidad de aprender.<\/li>\n<li>Aprendizaje cooperativo que potencia la convivencia, la participaci\u00f3n, el respeto, la capacidad de di\u00e1logo y la colaboraci\u00f3n.<\/li>\n<li>Presencia de los educadores basada en una relaci\u00f3n de cercan\u00eda, disponibilidad y con un estilo educativo coherente y de calidad.<\/li>\n<li>Integraci\u00f3n arm\u00f3nica entre la fe y el conjunto de saberes, valores, actitudes y comportamientos que favorezca la s\u00edntesis personal entre fe, cultura y vida.<\/li>\n<li>Acompa\u00f1amiento a los alumnos en su proceso de maduraci\u00f3n en la fe a trav\u00e9s de asociaciones de pastoral juvenil, especialmente de JMV.<\/li>\n<li>Propuesta de formaci\u00f3n y profundizaci\u00f3n en la fe a los miembros de la Comunidad Educativa (FOEVI, Escuela de Padres y otros grupos inspirados en el carisma vicenciano).<\/li>\n<li>Oferta de actividades formativas m\u00e1s all\u00e1 del horario lectivo que ayude a la Comunidad Educativa a abrirse a un mundo de dimensiones cada d\u00eda m\u00e1s amplias.<\/li>\n<li>Utilizaci\u00f3n de medios para el desarrollo de las competencias que demanda la sociedad en este \u00e1mbito, haciendo prevalecer los valores personales, \u00e9ticos y relacionales sobre lo meramente t\u00e9cnico.<\/li>\n<li>An\u00e1lisis del nivel de calidad de la acci\u00f3n educativa, orientado a una mejora continua.<\/li>\n<\/ul>\n<p>[\/et_pb_text][et_pb_text admin_label=\u00bbTitle\u00bb _builder_version=\u00bb3.27.4&#8243; text_font=\u00bbNunito|600|||||||\u00bb header_font_size=\u00bb80px\u00bb header_2_font=\u00bbAbhaya Libre|700|||||||\u00bb header_2_font_size=\u00bb64px\u00bb header_2_line_height=\u00bb1.2em\u00bb header_4_font=\u00bbNunito|700||on|||||\u00bb header_4_text_color=\u00bb#bda392&#8243; header_4_letter_spacing=\u00bb2px\u00bb header_4_line_height=\u00bb1.8em\u00bb header_6_font=\u00bbNunito|600|||||||\u00bb header_6_text_color=\u00bb#666666&#8243; header_6_font_size=\u00bb18px\u00bb header_6_line_height=\u00bb1.4em\u00bb max_width=\u00bb600px\u00bb custom_margin=\u00bb||40px|\u00bb animation_style=\u00bbslide\u00bb animation_direction=\u00bbright\u00bb animation_intensity_slide=\u00bb5%\u00bb animation_starting_opacity=\u00bb100%\u00bb header_font_size_tablet=\u00bb40px\u00bb header_font_size_phone=\u00bb\u00bb header_font_size_last_edited=\u00bbon|tablet\u00bb header_2_font_size_tablet=\u00bb40px\u00bb header_2_font_size_phone=\u00bb\u00bb header_2_font_size_last_edited=\u00bbon|tablet\u00bb global_colors_info=\u00bb{}\u00bb]&nbsp;<\/p>\n<p><strong>NUESTRA MISI\u00d3N<\/strong><br \/>\n[\/et_pb_text][et_pb_text _builder_version=\u00bb3.27.4&#8243; global_colors_info=\u00bb{}\u00bb]\u201cNuestra Escuela se define como un Centro Cat\u00f3lico, de Hijas de la Caridad, que basa su estilo educativo en el Carisma de sus fundadores (Vicente de Pa\u00fal y Luisa de Marillac).<\/p>\n<p>Como escuela Vicenciana, se compromete a una ense\u00f1anza de calidad con un estilo propio, que intenta hacer presente la Buena Nueva del Evangelio a todos teniendo una atenci\u00f3n preferencial por los m\u00e1s necesitados.<\/p>\n<p>Nuestro objetivo se fundamenta en la formaci\u00f3n integral de los alumnos de acuerdo con una concepci\u00f3n cristiana del hombre, de la vida y del mundo; los prepara, para participar activamente en la transformaci\u00f3n y mejora de la sociedad.\u201d<br \/>\n[\/et_pb_text][et_pb_text admin_label=\u00bbTitle\u00bb _builder_version=\u00bb3.27.4&#8243; text_font=\u00bbNunito|600|||||||\u00bb header_font_size=\u00bb80px\u00bb header_2_font=\u00bbAbhaya Libre|700|||||||\u00bb header_2_font_size=\u00bb64px\u00bb header_2_line_height=\u00bb1.2em\u00bb header_4_font=\u00bbNunito|700||on|||||\u00bb header_4_text_color=\u00bb#bda392&#8243; header_4_letter_spacing=\u00bb2px\u00bb header_4_line_height=\u00bb1.8em\u00bb header_6_font=\u00bbNunito|600|||||||\u00bb header_6_text_color=\u00bb#666666&#8243; header_6_font_size=\u00bb18px\u00bb header_6_line_height=\u00bb1.4em\u00bb max_width=\u00bb600px\u00bb custom_margin=\u00bb||40px|\u00bb animation_style=\u00bbslide\u00bb animation_direction=\u00bbright\u00bb animation_intensity_slide=\u00bb5%\u00bb animation_starting_opacity=\u00bb100%\u00bb header_font_size_tablet=\u00bb40px\u00bb header_font_size_phone=\u00bb\u00bb header_font_size_last_edited=\u00bbon|tablet\u00bb header_2_font_size_tablet=\u00bb40px\u00bb header_2_font_size_phone=\u00bb\u00bb header_2_font_size_last_edited=\u00bbon|tablet\u00bb global_colors_info=\u00bb{}\u00bb]&nbsp;<\/p>\n<p><strong>NUESTRA VISI\u00d3N<\/strong><\/p>\n<p><strong>\u00a0<\/strong><br \/>\n[\/et_pb_text][et_pb_text _builder_version=\u00bb3.27.4&#8243; global_colors_info=\u00bb{}\u00bb]<strong>Ser reconocidos como escuela vicenciana por:<\/strong><\/p>\n<p>&nbsp;<\/p>\n<ul>\n<li>\u00a0Educar alumnos felices, multicompetentes, con esp\u00edritu cr\u00edtico, cultura del esfuerzo y m\u00e1ximo desarrollo de sus capacidades, en un contexto de comunidad de aprendizaje multidireccional e innovadora.<\/li>\n<li>\u00a0Formar personas \u00edntegras, respetuosas, comprometidas y solidarias desde los valores evang\u00e9licos y vicencianos<\/li>\n<li>\u00a0Cultivar la vivencia de la fe y la fraternidad entre todos los miembros de la comunidad educativa favoreciendo la interioridad y el di\u00e1logo Fe-<\/li>\n<li>Cultura-Vida.<\/li>\n<li>\u00a0Favorecer la comunicaci\u00f3n, colaboraci\u00f3n, implicaci\u00f3n y confianza entre el centro y las familias en el proceso educativo de nuestros alumnos<\/li>\n<li>\u00a0Contar con un equipo docente y de servicios de excelente cualificaci\u00f3n personal y profesional en permanente desarrollo de su talento<\/li>\n<li>\u00a0Impulsar la asunci\u00f3n de responsabilidades para el liderazgo y la gesti\u00f3n del proyecto educativo-pastoral del centro en un contexto de confianza, reconocimiento y misi\u00f3n compartida seg\u00fan el carisma vicenciano.<\/li>\n<li>\u00a0Consolidar una gesti\u00f3n eficiente del centro basada en una cultura de la evaluaci\u00f3n, la mejora continua y la excelencia.<\/li>\n<li>Reforzar sinergias con otros centros de la Instituci\u00f3n Vicenciana e impulsar alianzas con organizaciones que favorezcan el desarrollo de nuestro proyecto educativo.<\/li>\n<li>\u00a0Ser una comunidad educativa abierta y comprometida con la sociedad y el entorno en el que vive.<\/li>\n<\/ul>\n<p>[\/et_pb_text][et_pb_text admin_label=\u00bbTitle\u00bb _builder_version=\u00bb3.27.4&#8243; text_font=\u00bbNunito|600|||||||\u00bb header_font_size=\u00bb80px\u00bb header_2_font=\u00bbAbhaya Libre|700|||||||\u00bb header_2_font_size=\u00bb64px\u00bb header_2_line_height=\u00bb1.2em\u00bb header_4_font=\u00bbNunito|700||on|||||\u00bb header_4_text_color=\u00bb#bda392&#8243; header_4_letter_spacing=\u00bb2px\u00bb header_4_line_height=\u00bb1.8em\u00bb header_6_font=\u00bbNunito|600|||||||\u00bb header_6_text_color=\u00bb#666666&#8243; header_6_font_size=\u00bb18px\u00bb header_6_line_height=\u00bb1.4em\u00bb max_width=\u00bb600px\u00bb custom_margin=\u00bb||40px|\u00bb animation_style=\u00bbslide\u00bb animation_direction=\u00bbright\u00bb animation_intensity_slide=\u00bb5%\u00bb animation_starting_opacity=\u00bb100%\u00bb header_font_size_tablet=\u00bb40px\u00bb header_font_size_phone=\u00bb\u00bb header_font_size_last_edited=\u00bbon|tablet\u00bb header_2_font_size_tablet=\u00bb40px\u00bb header_2_font_size_phone=\u00bb\u00bb header_2_font_size_last_edited=\u00bbon|tablet\u00bb global_colors_info=\u00bb{}\u00bb]&nbsp;<\/p>\n<p><strong>NUESTROS VALORES<\/strong><\/p>\n<p><strong>\u00a0<\/strong><\/p>\n<p><strong>\u00a0<\/strong><br \/>\n[\/et_pb_text][et_pb_text _builder_version=\u00bb3.27.4&#8243; global_colors_info=\u00bb{}\u00bb]&nbsp;<\/p>\n<ul>\n<li>Desarrollan la dimensi\u00f3n cognitiva, afectiva, social y trascendente de la persona.<\/li>\n<li>Ecolog\u00eda y vida<\/li>\n<li>Sensibilidad<\/li>\n<li>Sentido cr\u00edtico<\/li>\n<li>Creatividad<\/li>\n<li>Autoestima<\/li>\n<li>Libertad<\/li>\n<li>Verdad<\/li>\n<li>Sencillez<\/li>\n<li>Amor<\/li>\n<li>Esperanza<\/li>\n<li>Responsabilidad<\/li>\n<li>Paz<\/li>\n<li>Justicia<\/li>\n<li>Servicio<\/li>\n<li>Respeto<\/li>\n<li>Interioridad<\/li>\n<\/ul>\n<p>[\/et_pb_text][\/et_pb_column][et_pb_column type=\u00bb1_2&#8243; _builder_version=\u00bb3.25&#8243; custom_padding=\u00bb|||\u00bb global_colors_info=\u00bb{}\u00bb custom_padding__hover=\u00bb|||\u00bb][\/et_pb_column][\/et_pb_row][\/et_pb_section][et_pb_section fb_built=\u00bb1&#8243; _builder_version=\u00bb4.14.8&#8243; _module_preset=\u00bbdefault\u00bb global_colors_info=\u00bb{}\u00bb][et_pb_row _builder_version=\u00bb4.14.8&#8243; _module_preset=\u00bbdefault\u00bb global_colors_info=\u00bb{}\u00bb][et_pb_column type=\u00bb4_4&#8243; _builder_version=\u00bb4.14.8&#8243; _module_preset=\u00bbdefault\u00bb global_colors_info=\u00bb{}\u00bb][\/et_pb_column][\/et_pb_row][\/et_pb_section]<\/p>\n","protected":false},"excerpt":{"rendered":"<p>\u00a0En el marco de la ESCUELA CAT\u00d3LICA y con esp\u00edritu de colaboraci\u00f3n y servicio a una sociedad plural y a la Iglesia, la entidad titular de los\u00a0Centros Educativos Vicencianos\u00a0ofrece el\u00a0Car\u00e1cter Propio: &nbsp; Como signo de la presencia del Reino de Dios en el mundo de la educaci\u00f3n y gesto de FE y ESPERANZA en la [&hellip;]<\/p>\n","protected":false},"author":11,"featured_media":0,"parent":57,"menu_order":0,"comment_status":"closed","ping_status":"closed","template":"","meta":{"_et_pb_use_builder":"on","_et_pb_old_content":"<p>En el marco de la <strong>ESCUELA CAT\u00d3LICA<\/strong> y con esp\u00edritu de colaboraci\u00f3n y servicio a una sociedad plural y a la Iglesia, la entidad titular de los\u00a0<strong>Centros Educativos Vicencianos\u00a0<\/strong>ofrece el\u00a0<strong>Car\u00e1cter Propio<\/strong>:<\/p><p>\u00a0<\/p><p>\u2022 Como signo de la presencia del <strong>Reino de Dios<\/strong> en el mundo de la educaci\u00f3n y gesto de <strong>FE<\/strong> y<strong> ESPERANZA<\/strong> en la posibilidad de un Hombre Nuevo.<\/p><p>\u2022 Como respuesta a las familias que deciden dar a sus hijos una educaci\u00f3n cristiana.<\/p><p>\u00a0<\/p><h4>1.- ESCUELA VICENCIANA<\/h4><p>\u00a0<\/p><p>Los<strong> Centros Vicencianos<\/strong> definen su misi\u00f3n educativa, orientada al desarrollo integral de la persona, seg\u00fan el Evangelio y con un estilo propio.<\/p><p>Como escuela cristiana, nuestros centros se proponen presentar el mensaje de Jesucristo y la Religi\u00f3n Cat\u00f3lica en la realidad socio-cultural de cada lugar, como expresi\u00f3n de su identidad y de su vocaci\u00f3n evangelizadora.<br \/> Como escuela vicenciana, inspirada en nuestros fundadores, Vicente de Pa\u00fal y Luisa de Marillac, basan sus esfuerzos en la integraci\u00f3n social de los alumnos, la sensibilizaci\u00f3n por los necesitados y la valoraci\u00f3n del saber como medio para servir mejor a los dem\u00e1s.<\/p><p>\u00a0<\/p><p><strong>Principios inspiradores del estilo educativo de la Escuela Vicenciana:<\/strong><\/p><p>\u00a0<\/p><ul><li>Formaci\u00f3n integral de los alumnos de acuerdo con una concepci\u00f3n cristiana de la persona, de la vida y del mundo.<\/li><li>Opci\u00f3n por los m\u00e1s d\u00e9biles en su nivel econ\u00f3mico, capacidad intelectual u otro tipo de limitaci\u00f3n.<\/li><li>Vivencia de los valores evang\u00e9licos, a trav\u00e9s de los cuales revelamos que Dios nos ama.<\/li><li>Compromiso por la justicia y la solidaridad universal, con una participaci\u00f3n activa en la transformaci\u00f3n y mejora de la sociedad<\/li><li>Relaciones y clima educativo basados en la sencillez.<\/li><li>Respeto a la vida y a la naturaleza, fomentando la responsabilidad ante el progreso de la ciencia y la tecnolog\u00eda.<\/li><\/ul><h4>\u00a0<\/h4><h4>\u00a0<\/h4><p>\u00a0<\/p><h4>2.- ASPECTOS DE NUESTRA ACCI\u00d3N EDUCATIVA<\/h4><p>\u00a0<\/p><p>Estos <strong>PRINCIPIOS INSPIRADORES<\/strong> animan la acci\u00f3n educativa basada en una<strong> PEDAGOG\u00cdA ABIERTA<\/strong>,<strong> FLEXIBLE Y CONSTRUCTIVA<\/strong>, que se adapta a las necesidades de los alumnos y que incorpora las innovaciones did\u00e1cticas que la calidad educativa exigen.<\/p><p>\u00a0<\/p><h4>Apostamos por estilos de aprendizaje basados en las siguientes propuestas:<\/h4><p>\u00a0<\/p><ul><li>Desarrollo arm\u00f3nico de todas las dimensiones del alumno\/a, para que llegue al m\u00e1ximo de sus posibilidades.<\/li><li>Educaci\u00f3n personalizada que da especial importancia a la acci\u00f3n tutorial, servicio de orientaci\u00f3n, etc.<\/li><li>Apertura y formaci\u00f3n en el respeto a la pluralidad \u00e9tnica, cultural y religiosa para promover la integraci\u00f3n social.<\/li><li>Conocimiento de los valores y contravalores de esta sociedad plural.<\/li><li>An\u00e1lisis de la realidad con sentido cr\u00edtico.<\/li><li>Compromiso por la justicia y promoci\u00f3n de los m\u00e1s necesitados, a trav\u00e9s de acciones concretas.<\/li><li>Ambiente educativo fraterno que supone sencillez, acogida, confianza y alegr\u00eda.<\/li><li>Aprendizaje cooperativo que potencia la convivencia, la participaci\u00f3n, el respeto, la capacidad de aprender.<\/li><li>Aprendizaje cooperativo que potencia la convivencia, la participaci\u00f3n, el respeto, la capacidad de di\u00e1logo y la colaboraci\u00f3n.<\/li><li>Presencia de los educadores basada en una relaci\u00f3n de cercan\u00eda, disponibilidad y con un estilo educativo coherente y de calidad.<\/li><li>Integraci\u00f3n arm\u00f3nica entre la fe y el conjunto de saberes, valores, actitudes y comportamientos que favorezca la s\u00edntesis personal entre fe, cultura y vida.<\/li><li>Acompa\u00f1amiento a los alumnos en su proceso de maduraci\u00f3n en la fe a trav\u00e9s de asociaciones de pastoral juvenil, especialmente de JMV.<\/li><li>Propuesta de formaci\u00f3n y profundizaci\u00f3n en la fe a los miembros de la Comunidad Educativa (FOEVI, Escuela de Padres y otros grupos inspirados en el carisma vicenciano).<\/li><li>Oferta de actividades formativas m\u00e1s all\u00e1 del horario lectivo que ayude a la Comunidad Educativa a abrirse a un mundo de dimensiones cada d\u00eda m\u00e1s amplias.<\/li><li>Utilizaci\u00f3n de medios para el desarrollo de las competencias que demanda la sociedad en este \u00e1mbito, haciendo prevalecer los valores personales, \u00e9ticos y relacionales sobre lo meramente t\u00e9cnico.<\/li><li>An\u00e1lisis del nivel de calidad de la acci\u00f3n educativa, orientado a una mejora continua.<\/li><\/ul><h4>\u00a0<\/h4><h4>\u00a0<\/h4><p>\u00a0<\/p><h4>NUESTRA MISI\u00d3N<\/h4><p>\u00a0<\/p><p>\u201cNuestra Escuela se define como un Centro Cat\u00f3lico, de Hijas de la Caridad, que basa su estilo educativo en el Carisma de sus fundadores (Vicente de Pa\u00fal y Luisa de Marillac).<\/p><p>Como escuela Vicenciana, se compromete a una ense\u00f1anza de calidad con un estilo propio, que intenta hacer presente la Buena Nueva del Evangelio a todos teniendo una atenci\u00f3n preferencial por los m\u00e1s necesitados.<\/p><p>Nuestro objetivo se fundamenta en la formaci\u00f3n integral de los alumnos de acuerdo con una concepci\u00f3n cristiana del hombre, de la vida y del mundo; los prepara, para participar activamente en la transformaci\u00f3n y mejora de la sociedad.\u201d<\/p><p>\u00a0<\/p><h4>\u00a0<\/h4><h4>NUESTRA VISI\u00d3N<\/h4><p>\u00a0<\/p><h4>Ser reconocidos como escuela vicenciana por:<\/h4><p>\u00a0<\/p><ul><li style=\"text-align: left;\">\u00a0Educar alumnos felices, multicompetentes, con esp\u00edritu cr\u00edtico, cultura del esfuerzo y m\u00e1ximo desarrollo de sus capacidades, en un contexto de comunidad de aprendizaje multidireccional e innovadora.<\/li><li style=\"text-align: left;\">\u00a0Formar personas \u00edntegras, respetuosas, comprometidas y solidarias desde los valores evang\u00e9licos y vicencianos<\/li><li style=\"text-align: left;\">\u00a0Cultivar la vivencia de la fe y la fraternidad entre todos los miembros de la comunidad educativa favoreciendo la interioridad y el di\u00e1logo Fe-<\/li><li style=\"text-align: left;\">Cultura-Vida.<\/li><li style=\"text-align: left;\">\u00a0Favorecer la comunicaci\u00f3n, colaboraci\u00f3n, implicaci\u00f3n y confianza entre el centro y las familias en el proceso educativo de nuestros alumnos<\/li><li style=\"text-align: left;\">\u00a0Contar con un equipo docente y de servicios de excelente cualificaci\u00f3n personal y profesional en permanente desarrollo de su talento<\/li><li style=\"text-align: left;\">\u00a0Impulsar la asunci\u00f3n de responsabilidades para el liderazgo y la gesti\u00f3n del proyecto educativo-pastoral del centro en un contexto de confianza, reconocimiento y misi\u00f3n compartida seg\u00fan el carisma vicenciano.<\/li><li style=\"text-align: left;\">\u00a0Consolidar una gesti\u00f3n eficiente del centro basada en una cultura de la evaluaci\u00f3n, la mejora continua y la excelencia.<\/li><li style=\"text-align: left;\">Reforzar sinergias con otros centros de la Instituci\u00f3n Vicenciana e impulsar alianzas con organizaciones que favorezcan el desarrollo de nuestro proyecto educativo.<\/li><li style=\"text-align: left;\">\u00a0Ser una comunidad educativa abierta y comprometida con la sociedad y el entorno en el que vive.<\/li><\/ul><h4>\u00a0<\/h4><h4>\u00a0<\/h4><h4>\u00a0<\/h4><p>\u00a0<\/p><h4>NUESTROS VALORES<\/h4><p>\u00a0<\/p><ul><li>Desarrollan la dimensi\u00f3n cognitiva, afectiva, social y trascendente de la persona.<\/li><li>Ecolog\u00eda y vida<\/li><li>Sensibilidad<\/li><li>Sentido cr\u00edtico<\/li><li>Creatividad<\/li><li>Autoestima<\/li><li>Libertad<\/li><li>Verdad<\/li><li>Sencillez<\/li><li>Amor<\/li><li>Esperanza<\/li><li>Responsabilidad<\/li><li>Paz<\/li><li>Justicia<\/li><li>Servicio<\/li><li>Respeto<\/li><li>Interioridad<\/li><\/ul>","_et_gb_content_width":"","footnotes":""},"class_list":["post-62","page","type-page","status-publish","hentry"],"_links":{"self":[{"href":"https:\/\/lamilagrosapolanco.com\/index.php?rest_route=\/wp\/v2\/pages\/62","targetHints":{"allow":["GET"]}}],"collection":[{"href":"https:\/\/lamilagrosapolanco.com\/index.php?rest_route=\/wp\/v2\/pages"}],"about":[{"href":"https:\/\/lamilagrosapolanco.com\/index.php?rest_route=\/wp\/v2\/types\/page"}],"author":[{"embeddable":true,"href":"https:\/\/lamilagrosapolanco.com\/index.php?rest_route=\/wp\/v2\/users\/11"}],"replies":[{"embeddable":true,"href":"https:\/\/lamilagrosapolanco.com\/index.php?rest_route=%2Fwp%2Fv2%2Fcomments&post=62"}],"version-history":[{"count":31,"href":"https:\/\/lamilagrosapolanco.com\/index.php?rest_route=\/wp\/v2\/pages\/62\/revisions"}],"predecessor-version":[{"id":5686,"href":"https:\/\/lamilagrosapolanco.com\/index.php?rest_route=\/wp\/v2\/pages\/62\/revisions\/5686"}],"up":[{"embeddable":true,"href":"https:\/\/lamilagrosapolanco.com\/index.php?rest_route=\/wp\/v2\/pages\/57"}],"wp:attachment":[{"href":"https:\/\/lamilagrosapolanco.com\/index.php?rest_route=%2Fwp%2Fv2%2Fmedia&parent=62"}],"curies":[{"name":"wp","href":"https:\/\/api.w.org\/{rel}","templated":true}]}}