

{"id":2061,"date":"2018-04-30T18:04:07","date_gmt":"2018-04-30T16:04:07","guid":{"rendered":"http:\/\/lamilagrosapolanco.com\/?page_id=2061"},"modified":"2022-03-29T09:21:52","modified_gmt":"2022-03-29T07:21:52","slug":"educacion-primaria-2","status":"publish","type":"page","link":"https:\/\/lamilagrosapolanco.com\/?page_id=2061","title":{"rendered":"Educaci\u00f3n Primaria"},"content":{"rendered":"<p>[et_pb_section fb_built=\u00bb1&#8243; admin_label=\u00bbPage Title Section\u00bb _builder_version=\u00bb3.22&#8243; use_background_color_gradient=\u00bbon\u00bb background_color_gradient_start=\u00bb#f4f4f4&#8243; background_color_gradient_end=\u00bbrgba(244,244,244,0)\u00bb background_color_gradient_direction=\u00bb90deg\u00bb background_color_gradient_start_position=\u00bb50%\u00bb background_color_gradient_end_position=\u00bb80%\u00bb background_color_gradient_overlays_image=\u00bbon\u00bb background_image=\u00bbhttps:\/\/lamilagrosapolanco.com\/wp-content\/uploads\/2018\/04\/puerta-principal-colegio.jpg\u00bb custom_padding=\u00bb150px||150px|\u00bb global_colors_info=\u00bb{}\u00bb][et_pb_row column_structure=\u00bb1_2,1_2&#8243; _builder_version=\u00bb4.14.8&#8243; background_color=\u00bbRGBA(255,255,255,0)\u00bb custom_padding=\u00bb70px||70px|\u00bb global_colors_info=\u00bb{}\u00bb][et_pb_column type=\u00bb1_2&#8243; _builder_version=\u00bb3.25&#8243; background_color=\u00bb#f4f4f4&#8243; custom_padding=\u00bb|||\u00bb custom_padding_tablet=\u00bb40px|40px|40px|40px\u00bb custom_padding_phone=\u00bb\u00bb custom_padding_last_edited=\u00bbon|tablet\u00bb global_colors_info=\u00bb{}\u00bb custom_padding__hover=\u00bb|||\u00bb][et_pb_image src=\u00bbhttps:\/\/lamilagrosapolanco.com\/wp-content\/uploads\/2022\/03\/titulo_educacion_primaria-removebg-preview.png\u00bb title_text=\u00bbt\u00edtulo_educaci\u00f3n_primaria-removebg-preview\u00bb _builder_version=\u00bb4.14.8&#8243; _module_preset=\u00bbdefault\u00bb global_colors_info=\u00bb{}\u00bb][\/et_pb_image][et_pb_text admin_label=\u00bbTitle\u00bb _builder_version=\u00bb4.14.8&#8243; text_font=\u00bbNunito|600|||||||\u00bb header_font_size=\u00bb80px\u00bb header_2_font=\u00bbAbhaya Libre|700|||||||\u00bb header_2_font_size=\u00bb64px\u00bb header_2_line_height=\u00bb1.2em\u00bb header_4_font=\u00bbNunito|700||on|||||\u00bb header_4_text_color=\u00bb#bda392&#8243; header_4_letter_spacing=\u00bb2px\u00bb header_4_line_height=\u00bb1.8em\u00bb header_6_font=\u00bbNunito|600|||||||\u00bb header_6_text_color=\u00bb#666666&#8243; header_6_font_size=\u00bb18px\u00bb header_6_line_height=\u00bb1.4em\u00bb max_width=\u00bb600px\u00bb custom_margin=\u00bb||40px|\u00bb animation_style=\u00bbslide\u00bb animation_direction=\u00bbright\u00bb animation_intensity_slide=\u00bb5%\u00bb animation_starting_opacity=\u00bb100%\u00bb hover_enabled=\u00bb0&#8243; header_font_size_tablet=\u00bb40px\u00bb header_font_size_phone=\u00bb\u00bb header_font_size_last_edited=\u00bbon|tablet\u00bb header_2_font_size_tablet=\u00bb40px\u00bb header_2_font_size_phone=\u00bb\u00bb header_2_font_size_last_edited=\u00bbon|tablet\u00bb locked=\u00bboff\u00bb global_colors_info=\u00bb{}\u00bb sticky_enabled=\u00bb0&#8243;]<\/p>\n<h4>\u00a0<\/h4>\n<h2 class=\"entry-title main_title\"><strong>Primer Ciclo Primaria<\/strong><\/h2>\n<p>[\/et_pb_text][et_pb_text _builder_version=\u00bb3.27.4&#8243; text_font=\u00bbNunito||||||||\u00bb text_font_size=\u00bb18px\u00bb text_line_height=\u00bb1.8em\u00bb max_width=\u00bb600px\u00bb custom_margin=\u00bb|||\u00bb custom_padding=\u00bb||10px|\u00bb animation_style=\u00bbslide\u00bb animation_direction=\u00bbright\u00bb animation_intensity_slide=\u00bb5%\u00bb animation_starting_opacity=\u00bb100%\u00bb locked=\u00bboff\u00bb global_colors_info=\u00bb{}\u00bb]<\/p>\n<p style=\"text-align: justify;\">En el <strong>1\u00ba ciclo de E. Primaria<\/strong> se trabaja a<strong> \u201cotro ritmo\u201d<\/strong>.<\/p>\n<p style=\"text-align: justify;\">El ni\u00f1o est\u00e1 preparado para ir adquiriendo aprendizajes fundamentales para su vida y que le ayudar\u00e1n a Integrarse mejor en el entorno que le rodea.<\/p>\n<p style=\"text-align: justify;\">As\u00ed el desarrollo de la lectoescritura y las nociones matem\u00e1ticas m\u00e1s fundamentales son clave en estos cursos<\/p>\n<p style=\"text-align: justify;\">Con nuestro proyecto de potenciaci\u00f3n de lenguas extranjeras, trabajamos algunos temas del Conocimiento del Medio y de M\u00fasica con el ingl\u00e9s como veh\u00edculo de comunicaci\u00f3n.<\/p>\n<p style=\"text-align: justify;\">Todo es nuevo, todo es aprender desde un buen clima de trabajo, convivencia y entusiasm\u00e1ndonos por todo.<\/p>\n<p>[\/et_pb_text][et_pb_text admin_label=\u00bbTitle\u00bb _builder_version=\u00bb4.14.8&#8243; text_font=\u00bbNunito|600|||||||\u00bb header_font_size=\u00bb80px\u00bb header_2_font=\u00bbAbhaya Libre|700|||||||\u00bb header_2_font_size=\u00bb64px\u00bb header_2_line_height=\u00bb1.2em\u00bb header_4_font=\u00bbNunito|700||on|||||\u00bb header_4_text_color=\u00bb#bda392&#8243; header_4_letter_spacing=\u00bb2px\u00bb header_4_line_height=\u00bb1.8em\u00bb header_6_font=\u00bbNunito|600|||||||\u00bb header_6_text_color=\u00bb#666666&#8243; header_6_font_size=\u00bb18px\u00bb header_6_line_height=\u00bb1.4em\u00bb max_width=\u00bb600px\u00bb custom_margin=\u00bb||40px|\u00bb animation_style=\u00bbslide\u00bb animation_direction=\u00bbright\u00bb animation_intensity_slide=\u00bb5%\u00bb animation_starting_opacity=\u00bb100%\u00bb hover_enabled=\u00bb0&#8243; header_font_size_tablet=\u00bb40px\u00bb header_font_size_phone=\u00bb\u00bb header_font_size_last_edited=\u00bbon|tablet\u00bb header_2_font_size_tablet=\u00bb40px\u00bb header_2_font_size_phone=\u00bb\u00bb header_2_font_size_last_edited=\u00bbon|tablet\u00bb global_colors_info=\u00bb{}\u00bb sticky_enabled=\u00bb0&#8243;]<\/p>\n<h4>\u00a0<\/h4>\n<h2 class=\"entry-title main_title\"><strong>Segundo Ciclo de Primaria<\/strong><\/h2>\n<p>[\/et_pb_text][et_pb_text _builder_version=\u00bb3.27.4&#8243; text_font=\u00bbNunito||||||||\u00bb text_font_size=\u00bb18px\u00bb text_line_height=\u00bb1.8em\u00bb max_width=\u00bb600px\u00bb custom_margin=\u00bb|||\u00bb custom_padding=\u00bb||10px|\u00bb animation_style=\u00bbslide\u00bb animation_direction=\u00bbright\u00bb animation_intensity_slide=\u00bb5%\u00bb animation_starting_opacity=\u00bb100%\u00bb global_colors_info=\u00bb{}\u00bb]<\/p>\n<p style=\"text-align: justify;\">Las edades avanzan y los aprendizajes tambi\u00e9n. 3\u00ba y 4\u00ba de Primaria son los cursos de la Evaluaci\u00f3n Diagn\u00f3stico, del descubrir nuevos retos y de aprender a emprender, a saber buscar, a investigar, a construir, a memorizar, a \u2026<br \/>Las danzas regionales marcan el ritmo de un buen conocimiento del entorno cultural y se cuidan las relaciones personales, la participaci\u00f3n en proyectos, talleres,\u2026, para que en el desarrollo personal est\u00e9n bien fortalecidos tanto los aspectos emocionales como los intelectuales.<\/p>\n<p>[\/et_pb_text][et_pb_text admin_label=\u00bbTitle\u00bb _builder_version=\u00bb4.14.8&#8243; text_font=\u00bbNunito|600|||||||\u00bb header_font_size=\u00bb80px\u00bb header_2_font=\u00bbAbhaya Libre|700|||||||\u00bb header_2_font_size=\u00bb64px\u00bb header_2_line_height=\u00bb1.2em\u00bb header_4_font=\u00bbNunito|700||on|||||\u00bb header_4_text_color=\u00bb#bda392&#8243; header_4_letter_spacing=\u00bb2px\u00bb header_4_line_height=\u00bb1.8em\u00bb header_6_font=\u00bbNunito|600|||||||\u00bb header_6_text_color=\u00bb#666666&#8243; header_6_font_size=\u00bb18px\u00bb header_6_line_height=\u00bb1.4em\u00bb max_width=\u00bb600px\u00bb custom_margin=\u00bb||40px|\u00bb animation_style=\u00bbslide\u00bb animation_direction=\u00bbright\u00bb animation_intensity_slide=\u00bb5%\u00bb animation_starting_opacity=\u00bb100%\u00bb hover_enabled=\u00bb0&#8243; header_font_size_tablet=\u00bb40px\u00bb header_font_size_phone=\u00bb\u00bb header_font_size_last_edited=\u00bbon|tablet\u00bb header_2_font_size_tablet=\u00bb40px\u00bb header_2_font_size_phone=\u00bb\u00bb header_2_font_size_last_edited=\u00bbon|tablet\u00bb global_colors_info=\u00bb{}\u00bb sticky_enabled=\u00bb0&#8243;]<\/p>\n<h2>\u00a0<\/h2>\n<h2 class=\"entry-title main_title\"><strong>Tercer Ciclo de Primaria<\/strong><\/h2>\n<p>[\/et_pb_text][et_pb_text _builder_version=\u00bb3.27.4&#8243; text_font=\u00bbNunito||||||||\u00bb text_font_size=\u00bb18px\u00bb text_line_height=\u00bb1.8em\u00bb max_width=\u00bb600px\u00bb custom_margin=\u00bb|||\u00bb custom_padding=\u00bb||10px|\u00bb animation_style=\u00bbslide\u00bb animation_direction=\u00bbright\u00bb animation_intensity_slide=\u00bb5%\u00bb animation_starting_opacity=\u00bb100%\u00bb global_colors_info=\u00bb{}\u00bb]<\/p>\n<p style=\"text-align: justify;\">En los cursos 5\u00ba y 6\u00ba de E. Primaria, se cuida especialmente el protagonismo de los alumnos en todas las actividades del Centro: Pastoral, Plan Lector, Reciclado, Teatro le\u00eddo, D\u00eda de las Letras de Cantabria, Mes de Mayo,\u2026<br \/>Y tambi\u00e9n se hace especial fuerza en el desarrollo de la lengua extranjera tanto del Franc\u00e9s ,como Proyecto de Innovaci\u00f3n con la Consejer\u00eda de Educaci\u00f3n, Cultura y Deporte, como en el Ingl\u00e9s.<br \/>Las Nuevas Tecnolog\u00edas, con el uso no s\u00f3lo de la Pizarra Digital en las clases y el uso del Aula de Inform\u00e1tica, sino con los mini port\u00e1tiles que favorecen un dominio de este instrumento para fortalecer los aprendizajes.<\/p>\n<p>[\/et_pb_text][\/et_pb_column][et_pb_column type=\u00bb1_2&#8243; _builder_version=\u00bb3.25&#8243; custom_padding=\u00bb|||\u00bb global_colors_info=\u00bb{}\u00bb custom_padding__hover=\u00bb|||\u00bb][\/et_pb_column][\/et_pb_row][\/et_pb_section]<\/p>\n","protected":false},"excerpt":{"rendered":"<p>\u00a0 Primer Ciclo PrimariaEn el 1\u00ba ciclo de E. Primaria se trabaja a \u201cotro ritmo\u201d. El ni\u00f1o est\u00e1 preparado para ir adquiriendo aprendizajes fundamentales para su vida y que le ayudar\u00e1n a Integrarse mejor en el entorno que le rodea. As\u00ed el desarrollo de la lectoescritura y las nociones matem\u00e1ticas m\u00e1s fundamentales son clave en [&hellip;]<\/p>\n","protected":false},"author":11,"featured_media":0,"parent":0,"menu_order":0,"comment_status":"closed","ping_status":"closed","template":"","meta":{"_et_pb_use_builder":"on","_et_pb_old_content":"","_et_gb_content_width":"","footnotes":""},"class_list":["post-2061","page","type-page","status-publish","hentry"],"_links":{"self":[{"href":"https:\/\/lamilagrosapolanco.com\/index.php?rest_route=\/wp\/v2\/pages\/2061","targetHints":{"allow":["GET"]}}],"collection":[{"href":"https:\/\/lamilagrosapolanco.com\/index.php?rest_route=\/wp\/v2\/pages"}],"about":[{"href":"https:\/\/lamilagrosapolanco.com\/index.php?rest_route=\/wp\/v2\/types\/page"}],"author":[{"embeddable":true,"href":"https:\/\/lamilagrosapolanco.com\/index.php?rest_route=\/wp\/v2\/users\/11"}],"replies":[{"embeddable":true,"href":"https:\/\/lamilagrosapolanco.com\/index.php?rest_route=%2Fwp%2Fv2%2Fcomments&post=2061"}],"version-history":[{"count":33,"href":"https:\/\/lamilagrosapolanco.com\/index.php?rest_route=\/wp\/v2\/pages\/2061\/revisions"}],"predecessor-version":[{"id":5619,"href":"https:\/\/lamilagrosapolanco.com\/index.php?rest_route=\/wp\/v2\/pages\/2061\/revisions\/5619"}],"wp:attachment":[{"href":"https:\/\/lamilagrosapolanco.com\/index.php?rest_route=%2Fwp%2Fv2%2Fmedia&parent=2061"}],"curies":[{"name":"wp","href":"https:\/\/api.w.org\/{rel}","templated":true}]}}